{"id":154969,"date":"2022-03-21T16:14:13","date_gmt":"2022-03-21T15:14:13","guid":{"rendered":"https:\/\/www.rimadesio.it\/product\/cover-day\/"},"modified":"2026-04-16T12:39:20","modified_gmt":"2026-04-16T10:39:20","slug":"cover-day","status":"publish","type":"product","link":"https:\/\/www.rimadesio.it\/fr\/product\/cover-day\/","title":{"rendered":"Cover"},"content":{"rendered":"<p>Syst\u00e8me de fermeture \u00e9quip\u00e9 de portes battantes en verre, Litech, tissu, similicuir et rafia. Le projet Cover repose avant tout sur ses montants, fix\u00e9s au plafond et au sol, qui renferment les charni\u00e8res invisibles des portes, aussi que le syst\u00e8me exclusif d\u2019\u00e9clairage interne \u00e0 LED. Les \u00e9tag\u00e8res et les tiroirs sont fix\u00e9s aux montants \u00e0 travers d\u2019un syst\u00e8me d\u2019embo\u00eetement, sans vis apparentes, ce qui permet une disposition libre et modifiable, avec une extr\u00eame facilit\u00e9. Les portes du syst\u00e8me sont \u00e9galement disponibles dans les finitions en bois sahara et taiga.<\/p>\n","protected":false},"featured_media":0,"template":"","product_category":[413,412],"acf":[],"yoast_head":"<!-- This site is optimized with the Yoast SEO plugin v20.4 - https:\/\/yoast.com\/wordpress\/plugins\/seo\/ -->\n<title>Cover arredi componibili giorno | Rimadesio<\/title>\n<meta name=\"description\" content=\"Scopri il sistema giorno Cover by Rimadesio. Soluzioni su misura e personalizzabili. Alta qualit\u00e0 made in Italy.\" \/>\n<meta name=\"robots\" content=\"index, follow, max-snippet:-1, max-image-preview:large, max-video-preview:-1\" \/>\n<link rel=\"canonical\" href=\"https:\/\/www.rimadesio.it\/fr\/product\/cover-day\/\" \/>\n<meta property=\"og:locale\" content=\"fr_FR\" \/>\n<meta property=\"og:type\" content=\"article\" \/>\n<meta property=\"og:title\" content=\"Cover arredi componibili giorno | Rimadesio\" \/>\n<meta property=\"og:description\" content=\"Scopri il sistema giorno Cover by Rimadesio. Soluzioni su misura e personalizzabili. Alta qualit\u00e0 made in Italy.\" \/>\n<meta property=\"og:url\" content=\"https:\/\/www.rimadesio.it\/fr\/product\/cover-day\/\" \/>\n<meta property=\"og:site_name\" content=\"Rimadesio\" \/>\n<meta property=\"article:modified_time\" content=\"2026-04-16T10:39:20+00:00\" \/>\n<meta name=\"twitter:card\" content=\"summary_large_image\" \/>\n<meta name=\"twitter:label1\" content=\"Est. reading time\" \/>\n\t<meta name=\"twitter:data1\" content=\"1 minute\" \/>\n<script type=\"application\/ld+json\" class=\"yoast-schema-graph\">{\"@context\":\"https:\/\/schema.org\",\"@graph\":[{\"@type\":\"WebPage\",\"@id\":\"https:\/\/www.rimadesio.it\/fr\/product\/cover-day\/\",\"url\":\"https:\/\/www.rimadesio.it\/fr\/product\/cover-day\/\",\"name\":\"Cover arredi componibili giorno | Rimadesio\",\"isPartOf\":{\"@id\":\"https:\/\/www.rimadesio.it\/fr\/#website\"},\"datePublished\":\"2022-03-21T15:14:13+00:00\",\"dateModified\":\"2026-04-16T10:39:20+00:00\",\"description\":\"Scopri il sistema giorno Cover by Rimadesio. Soluzioni su misura e personalizzabili. Alta qualit\u00e0 made in Italy.\",\"breadcrumb\":{\"@id\":\"https:\/\/www.rimadesio.it\/fr\/product\/cover-day\/#breadcrumb\"},\"inLanguage\":\"fr-FR\",\"potentialAction\":[{\"@type\":\"ReadAction\",\"target\":[\"https:\/\/www.rimadesio.it\/fr\/product\/cover-day\/\"]}]},{\"@type\":\"BreadcrumbList\",\"@id\":\"https:\/\/www.rimadesio.it\/fr\/product\/cover-day\/#breadcrumb\",\"itemListElement\":[{\"@type\":\"ListItem\",\"position\":1,\"name\":\"Homepage\",\"item\":\"https:\/\/www.rimadesio.it\/fr\/\"},{\"@type\":\"ListItem\",\"position\":2,\"name\":\"Produits\",\"item\":\"https:\/\/www.rimadesio.it\/fr\/product\/\"},{\"@type\":\"ListItem\",\"position\":3,\"name\":\"Syst\u00e8mes jour\",\"item\":\"https:\/\/www.rimadesio.it\/fr\/product-category\/systemes-jour\/\"},{\"@type\":\"ListItem\",\"position\":4,\"name\":\"Mobilier modulaire\",\"item\":\"https:\/\/www.rimadesio.it\/fr\/product-category\/systemes-jour\/systemes-composables\/\"},{\"@type\":\"ListItem\",\"position\":5,\"name\":\"Cover\"}]},{\"@type\":\"WebSite\",\"@id\":\"https:\/\/www.rimadesio.it\/fr\/#website\",\"url\":\"https:\/\/www.rimadesio.it\/fr\/\",\"name\":\"Rimadesio\",\"description\":\"Rimadesio official website\",\"publisher\":{\"@id\":\"https:\/\/www.rimadesio.it\/fr\/#organization\"},\"potentialAction\":[{\"@type\":\"SearchAction\",\"target\":{\"@type\":\"EntryPoint\",\"urlTemplate\":\"https:\/\/www.rimadesio.it\/fr\/?s={search_term_string}\"},\"query-input\":\"required name=search_term_string\"}],\"inLanguage\":\"fr-FR\"},{\"@type\":\"Organization\",\"@id\":\"https:\/\/www.rimadesio.it\/fr\/#organization\",\"name\":\"Rimadesio\",\"url\":\"https:\/\/www.rimadesio.it\/fr\/\",\"logo\":{\"@type\":\"ImageObject\",\"inLanguage\":\"fr-FR\",\"@id\":\"https:\/\/www.rimadesio.it\/fr\/#\/schema\/logo\/image\/\",\"url\":\"https:\/\/static.rimadesio.it\/media\/2021\/08\/Logo.png\",\"contentUrl\":\"https:\/\/static.rimadesio.it\/media\/2021\/08\/Logo.png\",\"width\":102,\"height\":18,\"caption\":\"Rimadesio\"},\"image\":{\"@id\":\"https:\/\/www.rimadesio.it\/fr\/#\/schema\/logo\/image\/\"}}]}<\/script>\n<!-- \/ Yoast SEO plugin. -->","yoast_head_json":{"title":"Cover arredi componibili giorno | Rimadesio","description":"Scopri il sistema giorno Cover by Rimadesio. Soluzioni su misura e personalizzabili. Alta qualit\u00e0 made in Italy.","robots":{"index":"index","follow":"follow","max-snippet":"max-snippet:-1","max-image-preview":"max-image-preview:large","max-video-preview":"max-video-preview:-1"},"canonical":"https:\/\/www.rimadesio.it\/fr\/product\/cover-day\/","og_locale":"fr_FR","og_type":"article","og_title":"Cover arredi componibili giorno | Rimadesio","og_description":"Scopri il sistema giorno Cover by Rimadesio. Soluzioni su misura e personalizzabili. Alta qualit\u00e0 made in Italy.","og_url":"https:\/\/www.rimadesio.it\/fr\/product\/cover-day\/","og_site_name":"Rimadesio","article_modified_time":"2026-04-16T10:39:20+00:00","twitter_card":"summary_large_image","twitter_misc":{"Est. reading time":"1 minute"},"schema":{"@context":"https:\/\/schema.org","@graph":[{"@type":"WebPage","@id":"https:\/\/www.rimadesio.it\/fr\/product\/cover-day\/","url":"https:\/\/www.rimadesio.it\/fr\/product\/cover-day\/","name":"Cover arredi componibili giorno | Rimadesio","isPartOf":{"@id":"https:\/\/www.rimadesio.it\/fr\/#website"},"datePublished":"2022-03-21T15:14:13+00:00","dateModified":"2026-04-16T10:39:20+00:00","description":"Scopri il sistema giorno Cover by Rimadesio. Soluzioni su misura e personalizzabili. Alta qualit\u00e0 made in Italy.","breadcrumb":{"@id":"https:\/\/www.rimadesio.it\/fr\/product\/cover-day\/#breadcrumb"},"inLanguage":"fr-FR","potentialAction":[{"@type":"ReadAction","target":["https:\/\/www.rimadesio.it\/fr\/product\/cover-day\/"]}]},{"@type":"BreadcrumbList","@id":"https:\/\/www.rimadesio.it\/fr\/product\/cover-day\/#breadcrumb","itemListElement":[{"@type":"ListItem","position":1,"name":"Homepage","item":"https:\/\/www.rimadesio.it\/fr\/"},{"@type":"ListItem","position":2,"name":"Produits","item":"https:\/\/www.rimadesio.it\/fr\/product\/"},{"@type":"ListItem","position":3,"name":"Syst\u00e8mes jour","item":"https:\/\/www.rimadesio.it\/fr\/product-category\/systemes-jour\/"},{"@type":"ListItem","position":4,"name":"Mobilier modulaire","item":"https:\/\/www.rimadesio.it\/fr\/product-category\/systemes-jour\/systemes-composables\/"},{"@type":"ListItem","position":5,"name":"Cover"}]},{"@type":"WebSite","@id":"https:\/\/www.rimadesio.it\/fr\/#website","url":"https:\/\/www.rimadesio.it\/fr\/","name":"Rimadesio","description":"Rimadesio official website","publisher":{"@id":"https:\/\/www.rimadesio.it\/fr\/#organization"},"potentialAction":[{"@type":"SearchAction","target":{"@type":"EntryPoint","urlTemplate":"https:\/\/www.rimadesio.it\/fr\/?s={search_term_string}"},"query-input":"required name=search_term_string"}],"inLanguage":"fr-FR"},{"@type":"Organization","@id":"https:\/\/www.rimadesio.it\/fr\/#organization","name":"Rimadesio","url":"https:\/\/www.rimadesio.it\/fr\/","logo":{"@type":"ImageObject","inLanguage":"fr-FR","@id":"https:\/\/www.rimadesio.it\/fr\/#\/schema\/logo\/image\/","url":"https:\/\/static.rimadesio.it\/media\/2021\/08\/Logo.png","contentUrl":"https:\/\/static.rimadesio.it\/media\/2021\/08\/Logo.png","width":102,"height":18,"caption":"Rimadesio"},"image":{"@id":"https:\/\/www.rimadesio.it\/fr\/#\/schema\/logo\/image\/"}}]}},"_links":{"self":[{"href":"https:\/\/www.rimadesio.it\/fr\/wp-json\/wp\/v2\/product\/154969"}],"collection":[{"href":"https:\/\/www.rimadesio.it\/fr\/wp-json\/wp\/v2\/product"}],"about":[{"href":"https:\/\/www.rimadesio.it\/fr\/wp-json\/wp\/v2\/types\/product"}],"wp:attachment":[{"href":"https:\/\/www.rimadesio.it\/fr\/wp-json\/wp\/v2\/media?parent=154969"}],"wp:term":[{"taxonomy":"product_category","embeddable":true,"href":"https:\/\/www.rimadesio.it\/fr\/wp-json\/wp\/v2\/product_category?post=154969"}],"curies":[{"name":"wp","href":"https:\/\/api.w.org\/{rel}","templated":true}]}}