{"id":151779,"date":"2022-01-10T21:07:47","date_gmt":"2022-01-10T20:07:47","guid":{"rendered":"https:\/\/www.rimadesio.it\/corporate-responsability-2\/"},"modified":"2022-01-10T21:07:47","modified_gmt":"2022-01-10T20:07:47","slug":"corporate-responsability-2","status":"publish","type":"page","link":"https:\/\/www.rimadesio.it\/fr\/corporate-responsability-2\/","title":{"rendered":"Responsabilit\u00e9 sociale"},"content":{"rendered":"<p>Dans le nouveau cadre r\u00e9glementaire d\u00e9fini par le d\u00e9cret-loi 231\/2001, qui institue le concept de Responsabilit\u00e9 Administrative de la Soci\u00e9t\u00e9, le conseil d&#8217;administration de Rimadesio a approuv\u00e9 le Manuel de Gouvernance et de contr\u00f4le, qui contient le Code d&#8217;\u00e9thique et de comportement et le R\u00e8glement int\u00e9rieur de la soci\u00e9t\u00e9. En adoptant le Code de conduite, Rimadesio confirme comme principe d&#8217;inspiration, dans le cadre de ses activit\u00e9s, le respect de la loi et de toutes les r\u00e9glementations, italiennes et \u00e9trang\u00e8res, dans un cadre d&#8217;int\u00e9grit\u00e9 et de correction. Le Code explique les valeurs \u00e9thiques partag\u00e9es aussi bien par la soci\u00e9t\u00e9 Rimadesio dans ses choix strat\u00e9giques que par tout le personnel dans le cadre de sa responsabilit\u00e9 individuelle.<\/p>\n","protected":false},"excerpt":{"rendered":"<p>Dans le nouveau cadre r\u00e9glementaire d\u00e9fini par le d\u00e9cret-loi 231\/2001, qui institue le concept de Responsabilit\u00e9 Administrative de la Soci\u00e9t\u00e9, le conseil d&#8217;administration de Rimadesio a approuv\u00e9 le Manuel de Gouvernance et de contr\u00f4le, qui contient le Code d&#8217;\u00e9thique et de comportement et le R\u00e8glement int\u00e9rieur de la soci\u00e9t\u00e9. En adoptant le Code de conduite, &hellip; <a href=\"https:\/\/www.rimadesio.it\/fr\/corporate-responsability-2\/\">More<\/a><\/p>\n","protected":false},"author":64297,"featured_media":0,"parent":0,"menu_order":270,"comment_status":"closed","ping_status":"closed","template":"","meta":{"inline_featured_image":false},"acf":[],"yoast_head":"<!-- This site is optimized with the Yoast SEO plugin v20.4 - https:\/\/yoast.com\/wordpress\/plugins\/seo\/ -->\n<title>Responsabilit\u00e9 sociale - Rimadesio<\/title>\n<meta name=\"description\" content=\"Dans le nouveau cadre r\u00e9glementaire d\u00e9fini par le d\u00e9cret-loi 231\/2001, qui institue le concept de Responsabilit\u00e9 Administrative de la Soci\u00e9t\u00e9, le conseil\" \/>\n<meta name=\"robots\" content=\"index, follow, max-snippet:-1, max-image-preview:large, max-video-preview:-1\" \/>\n<link rel=\"canonical\" href=\"https:\/\/www.rimadesio.it\/fr\/corporate-responsability-2\/\" \/>\n<meta property=\"og:locale\" content=\"fr_FR\" \/>\n<meta property=\"og:type\" content=\"article\" \/>\n<meta property=\"og:title\" content=\"Responsabilit\u00e9 sociale - Rimadesio\" \/>\n<meta property=\"og:description\" content=\"Dans le nouveau cadre r\u00e9glementaire d\u00e9fini par le d\u00e9cret-loi 231\/2001, qui institue le concept de Responsabilit\u00e9 Administrative de la Soci\u00e9t\u00e9, le conseil\" \/>\n<meta property=\"og:url\" content=\"https:\/\/www.rimadesio.it\/fr\/corporate-responsability-2\/\" \/>\n<meta property=\"og:site_name\" content=\"Rimadesio\" \/>\n<meta name=\"twitter:card\" content=\"summary_large_image\" \/>\n<meta name=\"twitter:label1\" content=\"Est. reading time\" \/>\n\t<meta name=\"twitter:data1\" content=\"1 minute\" \/>\n<script type=\"application\/ld+json\" class=\"yoast-schema-graph\">{\"@context\":\"https:\/\/schema.org\",\"@graph\":[{\"@type\":\"WebPage\",\"@id\":\"https:\/\/www.rimadesio.it\/fr\/corporate-responsability-2\/\",\"url\":\"https:\/\/www.rimadesio.it\/fr\/corporate-responsability-2\/\",\"name\":\"Responsabilit\u00e9 sociale - Rimadesio\",\"isPartOf\":{\"@id\":\"https:\/\/www.rimadesio.it\/fr\/#website\"},\"datePublished\":\"2022-01-10T20:07:47+00:00\",\"dateModified\":\"2022-01-10T20:07:47+00:00\",\"description\":\"Dans le nouveau cadre r\u00e9glementaire d\u00e9fini par le d\u00e9cret-loi 231\/2001, qui institue le concept de Responsabilit\u00e9 Administrative de la Soci\u00e9t\u00e9, le conseil\",\"breadcrumb\":{\"@id\":\"https:\/\/www.rimadesio.it\/fr\/corporate-responsability-2\/#breadcrumb\"},\"inLanguage\":\"fr-FR\",\"potentialAction\":[{\"@type\":\"ReadAction\",\"target\":[\"https:\/\/www.rimadesio.it\/fr\/corporate-responsability-2\/\"]}]},{\"@type\":\"BreadcrumbList\",\"@id\":\"https:\/\/www.rimadesio.it\/fr\/corporate-responsability-2\/#breadcrumb\",\"itemListElement\":[{\"@type\":\"ListItem\",\"position\":1,\"name\":\"Homepage\",\"item\":\"https:\/\/www.rimadesio.it\/fr\/\"},{\"@type\":\"ListItem\",\"position\":2,\"name\":\"Responsabilit\u00e9 sociale\"}]},{\"@type\":\"WebSite\",\"@id\":\"https:\/\/www.rimadesio.it\/fr\/#website\",\"url\":\"https:\/\/www.rimadesio.it\/fr\/\",\"name\":\"Rimadesio\",\"description\":\"Rimadesio official website\",\"publisher\":{\"@id\":\"https:\/\/www.rimadesio.it\/fr\/#organization\"},\"potentialAction\":[{\"@type\":\"SearchAction\",\"target\":{\"@type\":\"EntryPoint\",\"urlTemplate\":\"https:\/\/www.rimadesio.it\/fr\/?s={search_term_string}\"},\"query-input\":\"required name=search_term_string\"}],\"inLanguage\":\"fr-FR\"},{\"@type\":\"Organization\",\"@id\":\"https:\/\/www.rimadesio.it\/fr\/#organization\",\"name\":\"Rimadesio\",\"url\":\"https:\/\/www.rimadesio.it\/fr\/\",\"logo\":{\"@type\":\"ImageObject\",\"inLanguage\":\"fr-FR\",\"@id\":\"https:\/\/www.rimadesio.it\/fr\/#\/schema\/logo\/image\/\",\"url\":\"https:\/\/static.rimadesio.it\/media\/2021\/08\/Logo.png\",\"contentUrl\":\"https:\/\/static.rimadesio.it\/media\/2021\/08\/Logo.png\",\"width\":102,\"height\":18,\"caption\":\"Rimadesio\"},\"image\":{\"@id\":\"https:\/\/www.rimadesio.it\/fr\/#\/schema\/logo\/image\/\"}}]}<\/script>\n<!-- \/ Yoast SEO plugin. -->","yoast_head_json":{"title":"Responsabilit\u00e9 sociale - Rimadesio","description":"Dans le nouveau cadre r\u00e9glementaire d\u00e9fini par le d\u00e9cret-loi 231\/2001, qui institue le concept de Responsabilit\u00e9 Administrative de la Soci\u00e9t\u00e9, le conseil","robots":{"index":"index","follow":"follow","max-snippet":"max-snippet:-1","max-image-preview":"max-image-preview:large","max-video-preview":"max-video-preview:-1"},"canonical":"https:\/\/www.rimadesio.it\/fr\/corporate-responsability-2\/","og_locale":"fr_FR","og_type":"article","og_title":"Responsabilit\u00e9 sociale - Rimadesio","og_description":"Dans le nouveau cadre r\u00e9glementaire d\u00e9fini par le d\u00e9cret-loi 231\/2001, qui institue le concept de Responsabilit\u00e9 Administrative de la Soci\u00e9t\u00e9, le conseil","og_url":"https:\/\/www.rimadesio.it\/fr\/corporate-responsability-2\/","og_site_name":"Rimadesio","twitter_card":"summary_large_image","twitter_misc":{"Est. reading time":"1 minute"},"schema":{"@context":"https:\/\/schema.org","@graph":[{"@type":"WebPage","@id":"https:\/\/www.rimadesio.it\/fr\/corporate-responsability-2\/","url":"https:\/\/www.rimadesio.it\/fr\/corporate-responsability-2\/","name":"Responsabilit\u00e9 sociale - Rimadesio","isPartOf":{"@id":"https:\/\/www.rimadesio.it\/fr\/#website"},"datePublished":"2022-01-10T20:07:47+00:00","dateModified":"2022-01-10T20:07:47+00:00","description":"Dans le nouveau cadre r\u00e9glementaire d\u00e9fini par le d\u00e9cret-loi 231\/2001, qui institue le concept de Responsabilit\u00e9 Administrative de la Soci\u00e9t\u00e9, le conseil","breadcrumb":{"@id":"https:\/\/www.rimadesio.it\/fr\/corporate-responsability-2\/#breadcrumb"},"inLanguage":"fr-FR","potentialAction":[{"@type":"ReadAction","target":["https:\/\/www.rimadesio.it\/fr\/corporate-responsability-2\/"]}]},{"@type":"BreadcrumbList","@id":"https:\/\/www.rimadesio.it\/fr\/corporate-responsability-2\/#breadcrumb","itemListElement":[{"@type":"ListItem","position":1,"name":"Homepage","item":"https:\/\/www.rimadesio.it\/fr\/"},{"@type":"ListItem","position":2,"name":"Responsabilit\u00e9 sociale"}]},{"@type":"WebSite","@id":"https:\/\/www.rimadesio.it\/fr\/#website","url":"https:\/\/www.rimadesio.it\/fr\/","name":"Rimadesio","description":"Rimadesio official website","publisher":{"@id":"https:\/\/www.rimadesio.it\/fr\/#organization"},"potentialAction":[{"@type":"SearchAction","target":{"@type":"EntryPoint","urlTemplate":"https:\/\/www.rimadesio.it\/fr\/?s={search_term_string}"},"query-input":"required name=search_term_string"}],"inLanguage":"fr-FR"},{"@type":"Organization","@id":"https:\/\/www.rimadesio.it\/fr\/#organization","name":"Rimadesio","url":"https:\/\/www.rimadesio.it\/fr\/","logo":{"@type":"ImageObject","inLanguage":"fr-FR","@id":"https:\/\/www.rimadesio.it\/fr\/#\/schema\/logo\/image\/","url":"https:\/\/static.rimadesio.it\/media\/2021\/08\/Logo.png","contentUrl":"https:\/\/static.rimadesio.it\/media\/2021\/08\/Logo.png","width":102,"height":18,"caption":"Rimadesio"},"image":{"@id":"https:\/\/www.rimadesio.it\/fr\/#\/schema\/logo\/image\/"}}]}},"_links":{"self":[{"href":"https:\/\/www.rimadesio.it\/fr\/wp-json\/wp\/v2\/pages\/151779"}],"collection":[{"href":"https:\/\/www.rimadesio.it\/fr\/wp-json\/wp\/v2\/pages"}],"about":[{"href":"https:\/\/www.rimadesio.it\/fr\/wp-json\/wp\/v2\/types\/page"}],"author":[{"embeddable":true,"href":"https:\/\/www.rimadesio.it\/fr\/wp-json\/wp\/v2\/users\/64297"}],"replies":[{"embeddable":true,"href":"https:\/\/www.rimadesio.it\/fr\/wp-json\/wp\/v2\/comments?post=151779"}],"version-history":[{"count":0,"href":"https:\/\/www.rimadesio.it\/fr\/wp-json\/wp\/v2\/pages\/151779\/revisions"}],"wp:attachment":[{"href":"https:\/\/www.rimadesio.it\/fr\/wp-json\/wp\/v2\/media?parent=151779"}],"curies":[{"name":"wp","href":"https:\/\/api.w.org\/{rel}","templated":true}]}}