{"id":150742,"date":"2022-01-09T16:55:54","date_gmt":"2022-01-09T15:55:54","guid":{"rendered":"https:\/\/www.rimadesio.it\/datenschutz-bestimmungen\/"},"modified":"2024-07-02T10:49:58","modified_gmt":"2024-07-02T08:49:58","slug":"datenschutz-bestimmungen","status":"publish","type":"page","link":"https:\/\/www.rimadesio.it\/de\/datenschutz-bestimmungen\/","title":{"rendered":"HINWEIS ZUR VERARBEITUNG PERSONENBEZOGENER DATEN"},"content":{"rendered":"<p>ARTIKEL 13 EU-VERORDNUNG 2016\/679 (DSGVO)<br \/>\nGem\u00e4\u00df Artikel 13 der EU-Datenschutzverordnung 679\/2016 (\u201cDSGVO\u201d) informieren wir Sie dar\u00fcber, dass die von Ihnen zur Verf\u00fcgung gestellten personenbezogenen Daten in \u00dcbereinstimmung mit den folgenden Punkten verarbeitet werden k\u00f6nnen.<\/p>\n<p>&nbsp;<\/p>\n<h2>1.IDENTIT\u00c4T UND KONTAKTDATEN<\/h2>\n<p>Datenverantwortlicher Rimadesio S.p.A.<\/p>\n<p>USt.-Nummer 00685930968<br \/>\nVia Furlanelli 96 \u2013 20833 Giussano (MB)<br \/>\nrimadesio@rimadesio.it | Tel: +39 0362 3171<\/p>\n<p>&nbsp;<\/p>\n<h2>2.ZWECK DER VERARBEITUNG UND RECHTSGRUNDLAGE<\/h2>\n<p>Vorbehaltlich der Einholung Ihrer ausdr\u00fccklichen Zustimmung (Art. 6 Abs. 1 Buchstabe A DSGVO) k\u00f6nnen Ihre pers\u00f6nlichen Daten dazu verwendet werden, Ihnen Informations- und Werbematerial \u00fcber die Produkte und Dienstleistungen von Rimadesio S.p.A. zuzusenden.<br \/>\nWenn Sie einen Kostenvoranschlag anfordern, k\u00f6nnen Ihre personenbezogenen Daten auch verarbeitet werden, um diese Anfrage bearbeiten zu k\u00f6nnen. Die fragliche Verarbeitung ist zum Zweck der Verarbeitung vorvertraglicher Ma\u00dfnahmen, die auf Antrag der betroffenen Person durchgef\u00fchrt werden, rechtm\u00e4\u00dfig (Art. 6(1)(B) DSGVO).<br \/>\nDie Daten, die sich aus dem Ausf\u00fcllen unserer Formulare oder aus angeforderten Angeboten, aus dem Interesse an unseren Produkten und aus der Art Ihrer Eink\u00e4ufe ergeben, k\u00f6nnen ausschlie\u00dflich mit Ihrer freien, fakultativen, spezifischen und ausdr\u00fccklichen Zustimmung (Art. 6 Absatz 1 Buchstabe A DSGVO) auch dazu verwendet werden, Ihren Geschmack, Ihre Vorlieben, Ihre Gewohnheiten, Ihre Bed\u00fcrfnisse und Ihr Konsumverhalten zu ermitteln und zu definieren (sogenanntes \u201eProfiling\u201c).<\/p>\n<p>&nbsp;<\/p>\n<h2>3.WEITERGABE VON DATEN AN DRITTE, DIE NICHT DER EIGENT\u00dcMER SIND<\/h2>\n<p>Ihre pers\u00f6nlichen Daten k\u00f6nnen an folgende Personen weitergeleitet werden:<\/p>\n<ol>\n<li>Mit der Verarbeitung beauftragte Personen unter der Aufsicht des Datenschutzbeauftragten;<\/li>\n<li>Vom Datenschutzbeauftragten benannte Datenverarbeiter.<\/li>\n<\/ol>\n<p>Alle benannten Datenschutzbeauftragten sind durch einen Vertrag zur Vertraulichkeit und Datensicherheit verpflichtet, und eine aktualisierte Liste der Datenschutzbeauftragten kann jederzeit beim Data Controller angefordert werden.<\/p>\n<p>&nbsp;<\/p>\n<h2>4.DATEN\u00dcBERMITTLUNG AN DRITTL\u00c4NDER<\/h2>\n<p>Es kann auch notwendig sein, Ihre personenbezogenen Daten au\u00dferhalb der Europ\u00e4ischen Union zu \u00fcbermitteln, und zwar durch die Garantie des Angemessenheitsbeschlusses (Art. 45 DSGVO) oder die Standardvertragsklauseln der Europ\u00e4ischen Kommission (Art. 46, Abs. 2, Buchstabe C der DSGVO), die Sie bei dem f\u00fcr die Daten\u00fcbermittlung Verantwortlichen unter den oben genannten Kontaktadressen erhalten k\u00f6nnen.<\/p>\n<p>&nbsp;<\/p>\n<h2>5.AUFBEWAHRUNGSFRISTEN F\u00dcR DATEN<\/h2>\n<ul>\n<li>Personenbezogene Daten, die zum Zweck der Bearbeitung Ihrer Angebotsanfrage erhoben werden, werden f\u00fcr einen Zeitraum von h\u00f6chstens 12 Monaten verarbeitet.<\/li>\n<li>Personenbezogene Daten, die zum Zweck der Zusendung von Informations- und Werbematerial erfasst wurden, werden so lange aufbewahrt, bis Sie beantragen, den Service nicht mehr in Anspruch nehmen zu wollen, und in jedem Fall f\u00fcr einen Zeitraum von h\u00f6chstens 24 Monaten ab dem Erhalt Ihrer Zustimmung.<\/li>\n<li>Personenbezogene Daten, die zum Zwecke der Profilerstellung verarbeitet werden, werden f\u00fcr einen Zeitraum von 12 Monaten ab der Registrierung der Daten aufbewahrt, d.h. bis Ihre Zustimmung widerrufen wird.<\/li>\n<\/ul>\n<p>&nbsp;<\/p>\n<h2>6.RECHTE DER BETROFFENEN PERSON<\/h2>\n<p>Zur Aus\u00fcbung Ihrer Rechte gem\u00e4\u00df Artikel 15 der DSGVO ff. k\u00f6nnen Sie sich an den f\u00fcr die Verarbeitung Verantwortlichen oder den Datenschutzbeauftragten wenden, den Sie \u00fcber die oben genannten Kontaktdaten erreichen k\u00f6nnen, wobei Sie sich identifizieren und die Art Ihrer Anfrage oder Ihres Problems angeben m\u00fcssen.<br \/>\nSie k\u00f6nnen Ihre Rechte auf Auskunft, Berichtigung, L\u00f6schung, Einschr\u00e4nkung und Widerspruch gegen die Verarbeitung Ihrer Daten geltend machen..<br \/>\nDie betroffene Person hat das Recht, ihre Zustimmung zur Verarbeitung ihrer personenbezogenen Daten jederzeit zu widerrufen, indem sie sich an Rimadesio S.p.A. unter den oben angegebenen Kontaktdaten wendet. Gem\u00e4\u00df Artikel 7 der EU-Verordnung ber\u00fchrt der Widerruf der Einwilligung nicht die Rechtm\u00e4\u00dfigkeit der Verarbeitung aufgrund der vor dem Widerruf erteilten Einwilligung.<\/p>\n<p>&nbsp;<br \/>\nSie haben auch das Recht, eine Beschwerde bei der zust\u00e4ndigen Aufsichtsbeh\u00f6rde einzureichen, die als Garante della Privacy bezeichnet wird und ihren Sitz in Piazza Venezia 11 &#8211; 00186 Rom &#8211; Tel. 06.696771 &#8211; E-Mail: protocollo@gpdp.it<\/p>\n<p style=\"text-align: right;\">01. Juli 2024<\/p>\n","protected":false},"excerpt":{"rendered":"<p>ARTIKEL 13 EU-VERORDNUNG 2016\/679 (DSGVO) Gem\u00e4\u00df Artikel 13 der EU-Datenschutzverordnung 679\/2016 (\u201cDSGVO\u201d) informieren wir Sie dar\u00fcber, dass die von Ihnen zur Verf\u00fcgung gestellten personenbezogenen Daten in \u00dcbereinstimmung mit den folgenden Punkten verarbeitet werden k\u00f6nnen. &nbsp; 1.IDENTIT\u00c4T UND KONTAKTDATEN Datenverantwortlicher Rimadesio S.p.A. USt.-Nummer 00685930968 Via Furlanelli 96 \u2013 20833 Giussano (MB) rimadesio@rimadesio.it | Tel: +39 0362 &hellip; <a href=\"https:\/\/www.rimadesio.it\/de\/datenschutz-bestimmungen\/\">Mehr<\/a><\/p>\n","protected":false},"author":64297,"featured_media":0,"parent":0,"menu_order":285,"comment_status":"closed","ping_status":"closed","template":"","meta":{"inline_featured_image":false},"acf":[],"yoast_head":"<!-- This site is optimized with the Yoast SEO plugin v20.4 - https:\/\/yoast.com\/wordpress\/plugins\/seo\/ -->\n<title>HINWEIS ZUR VERARBEITUNG PERSONENBEZOGENER DATEN - Rimadesio<\/title>\n<meta name=\"description\" content=\"ARTIKEL 13 EU-VERORDNUNG 2016\/679 (DSGVO) Gem\u00e4\u00df Artikel 13 der EU-Datenschutzverordnung 679\/2016 (\u201cDSGVO\u201d) informieren wir Sie dar\u00fcber, dass die von Ihnen\" \/>\n<meta name=\"robots\" content=\"index, follow, max-snippet:-1, max-image-preview:large, max-video-preview:-1\" \/>\n<link rel=\"canonical\" href=\"https:\/\/www.rimadesio.it\/de\/datenschutz-bestimmungen\/\" \/>\n<meta property=\"og:locale\" content=\"de_DE\" \/>\n<meta property=\"og:type\" content=\"article\" \/>\n<meta property=\"og:title\" content=\"HINWEIS ZUR VERARBEITUNG PERSONENBEZOGENER DATEN - Rimadesio\" \/>\n<meta property=\"og:description\" content=\"ARTIKEL 13 EU-VERORDNUNG 2016\/679 (DSGVO) Gem\u00e4\u00df Artikel 13 der EU-Datenschutzverordnung 679\/2016 (\u201cDSGVO\u201d) informieren wir Sie dar\u00fcber, dass die von Ihnen\" \/>\n<meta property=\"og:url\" content=\"https:\/\/www.rimadesio.it\/de\/datenschutz-bestimmungen\/\" \/>\n<meta property=\"og:site_name\" content=\"Rimadesio\" \/>\n<meta property=\"article:modified_time\" content=\"2024-07-02T08:49:58+00:00\" \/>\n<meta name=\"twitter:card\" content=\"summary_large_image\" \/>\n<meta name=\"twitter:label1\" content=\"Est. reading time\" \/>\n\t<meta name=\"twitter:data1\" content=\"3 minutes\" \/>\n<script type=\"application\/ld+json\" class=\"yoast-schema-graph\">{\"@context\":\"https:\/\/schema.org\",\"@graph\":[{\"@type\":\"WebPage\",\"@id\":\"https:\/\/www.rimadesio.it\/de\/datenschutz-bestimmungen\/\",\"url\":\"https:\/\/www.rimadesio.it\/de\/datenschutz-bestimmungen\/\",\"name\":\"HINWEIS ZUR VERARBEITUNG PERSONENBEZOGENER DATEN - Rimadesio\",\"isPartOf\":{\"@id\":\"https:\/\/www.rimadesio.it\/de\/#website\"},\"datePublished\":\"2022-01-09T15:55:54+00:00\",\"dateModified\":\"2024-07-02T08:49:58+00:00\",\"description\":\"ARTIKEL 13 EU-VERORDNUNG 2016\/679 (DSGVO) Gem\u00e4\u00df Artikel 13 der EU-Datenschutzverordnung 679\/2016 (\u201cDSGVO\u201d) informieren wir Sie dar\u00fcber, dass die von Ihnen\",\"breadcrumb\":{\"@id\":\"https:\/\/www.rimadesio.it\/de\/datenschutz-bestimmungen\/#breadcrumb\"},\"inLanguage\":\"de-DE\",\"potentialAction\":[{\"@type\":\"ReadAction\",\"target\":[\"https:\/\/www.rimadesio.it\/de\/datenschutz-bestimmungen\/\"]}]},{\"@type\":\"BreadcrumbList\",\"@id\":\"https:\/\/www.rimadesio.it\/de\/datenschutz-bestimmungen\/#breadcrumb\",\"itemListElement\":[{\"@type\":\"ListItem\",\"position\":1,\"name\":\"Homepage\",\"item\":\"https:\/\/www.rimadesio.it\/de\/\"},{\"@type\":\"ListItem\",\"position\":2,\"name\":\"HINWEIS ZUR VERARBEITUNG PERSONENBEZOGENER DATEN\"}]},{\"@type\":\"WebSite\",\"@id\":\"https:\/\/www.rimadesio.it\/de\/#website\",\"url\":\"https:\/\/www.rimadesio.it\/de\/\",\"name\":\"Rimadesio\",\"description\":\"Rimadesio official website\",\"publisher\":{\"@id\":\"https:\/\/www.rimadesio.it\/de\/#organization\"},\"potentialAction\":[{\"@type\":\"SearchAction\",\"target\":{\"@type\":\"EntryPoint\",\"urlTemplate\":\"https:\/\/www.rimadesio.it\/de\/?s={search_term_string}\"},\"query-input\":\"required name=search_term_string\"}],\"inLanguage\":\"de-DE\"},{\"@type\":\"Organization\",\"@id\":\"https:\/\/www.rimadesio.it\/de\/#organization\",\"name\":\"Rimadesio\",\"url\":\"https:\/\/www.rimadesio.it\/de\/\",\"logo\":{\"@type\":\"ImageObject\",\"inLanguage\":\"de-DE\",\"@id\":\"https:\/\/www.rimadesio.it\/de\/#\/schema\/logo\/image\/\",\"url\":\"https:\/\/static.rimadesio.it\/media\/2021\/08\/Logo.png\",\"contentUrl\":\"https:\/\/static.rimadesio.it\/media\/2021\/08\/Logo.png\",\"width\":102,\"height\":18,\"caption\":\"Rimadesio\"},\"image\":{\"@id\":\"https:\/\/www.rimadesio.it\/de\/#\/schema\/logo\/image\/\"}}]}<\/script>\n<!-- \/ Yoast SEO plugin. -->","yoast_head_json":{"title":"HINWEIS ZUR VERARBEITUNG PERSONENBEZOGENER DATEN - Rimadesio","description":"ARTIKEL 13 EU-VERORDNUNG 2016\/679 (DSGVO) Gem\u00e4\u00df Artikel 13 der EU-Datenschutzverordnung 679\/2016 (\u201cDSGVO\u201d) informieren wir Sie dar\u00fcber, dass die von Ihnen","robots":{"index":"index","follow":"follow","max-snippet":"max-snippet:-1","max-image-preview":"max-image-preview:large","max-video-preview":"max-video-preview:-1"},"canonical":"https:\/\/www.rimadesio.it\/de\/datenschutz-bestimmungen\/","og_locale":"de_DE","og_type":"article","og_title":"HINWEIS ZUR VERARBEITUNG PERSONENBEZOGENER DATEN - Rimadesio","og_description":"ARTIKEL 13 EU-VERORDNUNG 2016\/679 (DSGVO) Gem\u00e4\u00df Artikel 13 der EU-Datenschutzverordnung 679\/2016 (\u201cDSGVO\u201d) informieren wir Sie dar\u00fcber, dass die von Ihnen","og_url":"https:\/\/www.rimadesio.it\/de\/datenschutz-bestimmungen\/","og_site_name":"Rimadesio","article_modified_time":"2024-07-02T08:49:58+00:00","twitter_card":"summary_large_image","twitter_misc":{"Est. reading time":"3 minutes"},"schema":{"@context":"https:\/\/schema.org","@graph":[{"@type":"WebPage","@id":"https:\/\/www.rimadesio.it\/de\/datenschutz-bestimmungen\/","url":"https:\/\/www.rimadesio.it\/de\/datenschutz-bestimmungen\/","name":"HINWEIS ZUR VERARBEITUNG PERSONENBEZOGENER DATEN - Rimadesio","isPartOf":{"@id":"https:\/\/www.rimadesio.it\/de\/#website"},"datePublished":"2022-01-09T15:55:54+00:00","dateModified":"2024-07-02T08:49:58+00:00","description":"ARTIKEL 13 EU-VERORDNUNG 2016\/679 (DSGVO) Gem\u00e4\u00df Artikel 13 der EU-Datenschutzverordnung 679\/2016 (\u201cDSGVO\u201d) informieren wir Sie dar\u00fcber, dass die von Ihnen","breadcrumb":{"@id":"https:\/\/www.rimadesio.it\/de\/datenschutz-bestimmungen\/#breadcrumb"},"inLanguage":"de-DE","potentialAction":[{"@type":"ReadAction","target":["https:\/\/www.rimadesio.it\/de\/datenschutz-bestimmungen\/"]}]},{"@type":"BreadcrumbList","@id":"https:\/\/www.rimadesio.it\/de\/datenschutz-bestimmungen\/#breadcrumb","itemListElement":[{"@type":"ListItem","position":1,"name":"Homepage","item":"https:\/\/www.rimadesio.it\/de\/"},{"@type":"ListItem","position":2,"name":"HINWEIS ZUR VERARBEITUNG PERSONENBEZOGENER DATEN"}]},{"@type":"WebSite","@id":"https:\/\/www.rimadesio.it\/de\/#website","url":"https:\/\/www.rimadesio.it\/de\/","name":"Rimadesio","description":"Rimadesio official website","publisher":{"@id":"https:\/\/www.rimadesio.it\/de\/#organization"},"potentialAction":[{"@type":"SearchAction","target":{"@type":"EntryPoint","urlTemplate":"https:\/\/www.rimadesio.it\/de\/?s={search_term_string}"},"query-input":"required name=search_term_string"}],"inLanguage":"de-DE"},{"@type":"Organization","@id":"https:\/\/www.rimadesio.it\/de\/#organization","name":"Rimadesio","url":"https:\/\/www.rimadesio.it\/de\/","logo":{"@type":"ImageObject","inLanguage":"de-DE","@id":"https:\/\/www.rimadesio.it\/de\/#\/schema\/logo\/image\/","url":"https:\/\/static.rimadesio.it\/media\/2021\/08\/Logo.png","contentUrl":"https:\/\/static.rimadesio.it\/media\/2021\/08\/Logo.png","width":102,"height":18,"caption":"Rimadesio"},"image":{"@id":"https:\/\/www.rimadesio.it\/de\/#\/schema\/logo\/image\/"}}]}},"_links":{"self":[{"href":"https:\/\/www.rimadesio.it\/de\/wp-json\/wp\/v2\/pages\/150742"}],"collection":[{"href":"https:\/\/www.rimadesio.it\/de\/wp-json\/wp\/v2\/pages"}],"about":[{"href":"https:\/\/www.rimadesio.it\/de\/wp-json\/wp\/v2\/types\/page"}],"author":[{"embeddable":true,"href":"https:\/\/www.rimadesio.it\/de\/wp-json\/wp\/v2\/users\/64297"}],"replies":[{"embeddable":true,"href":"https:\/\/www.rimadesio.it\/de\/wp-json\/wp\/v2\/comments?post=150742"}],"version-history":[{"count":5,"href":"https:\/\/www.rimadesio.it\/de\/wp-json\/wp\/v2\/pages\/150742\/revisions"}],"predecessor-version":[{"id":164184,"href":"https:\/\/www.rimadesio.it\/de\/wp-json\/wp\/v2\/pages\/150742\/revisions\/164184"}],"wp:attachment":[{"href":"https:\/\/www.rimadesio.it\/de\/wp-json\/wp\/v2\/media?parent=150742"}],"curies":[{"name":"wp","href":"https:\/\/api.w.org\/{rel}","templated":true}]}}